{"version":"1.0","provider_name":"nakan.ch","provider_url":"https:\/\/www.nakan.ch\/wp","author_name":"greg (nakan)","author_url":"https:\/\/www.nakan.ch\/wp\/author\/nakan\/","title":"Revue du mois de f\u00e9vrier 2014","type":"rich","width":600,"height":338,"html":"<blockquote class=\"wp-embedded-content\" data-secret=\"DjMYB3Nvql\"><a href=\"https:\/\/www.nakan.ch\/wp\/2014\/02\/28\/revue-du-mois-de-fevrier-2014\/\">Revue du mois de f\u00e9vrier 2014<\/a><\/blockquote><iframe sandbox=\"allow-scripts\" security=\"restricted\" src=\"https:\/\/www.nakan.ch\/wp\/2014\/02\/28\/revue-du-mois-de-fevrier-2014\/embed\/#?secret=DjMYB3Nvql\" width=\"600\" height=\"338\" title=\"\u00ab\u00a0Revue du mois de f\u00e9vrier 2014\u00a0\u00bb &#8212; nakan.ch\" data-secret=\"DjMYB3Nvql\" frameborder=\"0\" marginwidth=\"0\" marginheight=\"0\" scrolling=\"no\" class=\"wp-embedded-content\"><\/iframe><script type=\"text\/javascript\">\n\/* <![CDATA[ *\/\n\/*! This file is auto-generated *\/\n!function(d,l){\"use strict\";l.querySelector&&d.addEventListener&&\"undefined\"!=typeof URL&&(d.wp=d.wp||{},d.wp.receiveEmbedMessage||(d.wp.receiveEmbedMessage=function(e){var t=e.data;if((t||t.secret||t.message||t.value)&&!\/[^a-zA-Z0-9]\/.test(t.secret)){for(var s,r,n,a=l.querySelectorAll('iframe[data-secret=\"'+t.secret+'\"]'),o=l.querySelectorAll('blockquote[data-secret=\"'+t.secret+'\"]'),c=new RegExp(\"^https?:$\",\"i\"),i=0;i<o.length;i++)o[i].style.display=\"none\";for(i=0;i<a.length;i++)s=a[i],e.source===s.contentWindow&&(s.removeAttribute(\"style\"),\"height\"===t.message?(1e3<(r=parseInt(t.value,10))?r=1e3:~~r<200&&(r=200),s.height=r):\"link\"===t.message&&(r=new URL(s.getAttribute(\"src\")),n=new URL(t.value),c.test(n.protocol))&&n.host===r.host&&l.activeElement===s&&(d.top.location.href=t.value))}},d.addEventListener(\"message\",d.wp.receiveEmbedMessage,!1),l.addEventListener(\"DOMContentLoaded\",function(){for(var e,t,s=l.querySelectorAll(\"iframe.wp-embedded-content\"),r=0;r<s.length;r++)(t=(e=s[r]).getAttribute(\"data-secret\"))||(t=Math.random().toString(36).substring(2,12),e.src+=\"#?secret=\"+t,e.setAttribute(\"data-secret\",t)),e.contentWindow.postMessage({message:\"ready\",secret:t},\"*\")},!1)))}(window,document);\n\/\/# sourceURL=https:\/\/www.nakan.ch\/wp\/wp-includes\/js\/wp-embed.min.js\n\/* ]]> *\/\n<\/script>\n","description":"Petit r\u00e9capitulatif du mois \u00e9coul\u00e9, aussi bien sur le site que dans le monde du triathlon en g\u00e9n\u00e9ral, des sorties de mat\u00e9riel et parfois m\u00eame un peu plus\u2026 La photo du mois MLa pr\u00e9paration 2014 a s\u00e9rieusement commenc\u00e9 lors de la derni\u00e8re semaine de f\u00e9vrier \u00e0 Majorque. Le point sur ma pr\u00e9paration 2014 La pr\u00e9paration [&hellip;]","thumbnail_url":"https:\/\/www.nakan.ch\/wp\/wp-content\/uploads\/2014\/02\/kom_soller_web-375x500.jpg"}