{"version":"1.0","provider_name":"nakan.ch","provider_url":"https:\/\/www.nakan.ch\/wp","author_name":"greg (nakan)","author_url":"https:\/\/www.nakan.ch\/wp\/author\/nakan\/","title":"Une semaine \u00e0 Majorque (premi\u00e8re partie)","type":"rich","width":600,"height":338,"html":"<blockquote class=\"wp-embedded-content\" data-secret=\"eX66Sw8uEr\"><a href=\"https:\/\/www.nakan.ch\/wp\/2014\/03\/02\/une-semaine-a-majorque-premiere-partie\/\">Une semaine \u00e0 Majorque (premi\u00e8re partie)<\/a><\/blockquote><iframe sandbox=\"allow-scripts\" security=\"restricted\" src=\"https:\/\/www.nakan.ch\/wp\/2014\/03\/02\/une-semaine-a-majorque-premiere-partie\/embed\/#?secret=eX66Sw8uEr\" width=\"600\" height=\"338\" title=\"\u00ab\u00a0Une semaine \u00e0 Majorque (premi\u00e8re partie)\u00a0\u00bb &#8212; nakan.ch\" data-secret=\"eX66Sw8uEr\" frameborder=\"0\" marginwidth=\"0\" marginheight=\"0\" scrolling=\"no\" class=\"wp-embedded-content\"><\/iframe><script type=\"text\/javascript\">\n\/* <![CDATA[ *\/\n\/*! This file is auto-generated *\/\n!function(d,l){\"use strict\";l.querySelector&&d.addEventListener&&\"undefined\"!=typeof URL&&(d.wp=d.wp||{},d.wp.receiveEmbedMessage||(d.wp.receiveEmbedMessage=function(e){var t=e.data;if((t||t.secret||t.message||t.value)&&!\/[^a-zA-Z0-9]\/.test(t.secret)){for(var s,r,n,a=l.querySelectorAll('iframe[data-secret=\"'+t.secret+'\"]'),o=l.querySelectorAll('blockquote[data-secret=\"'+t.secret+'\"]'),c=new RegExp(\"^https?:$\",\"i\"),i=0;i<o.length;i++)o[i].style.display=\"none\";for(i=0;i<a.length;i++)s=a[i],e.source===s.contentWindow&&(s.removeAttribute(\"style\"),\"height\"===t.message?(1e3<(r=parseInt(t.value,10))?r=1e3:~~r<200&&(r=200),s.height=r):\"link\"===t.message&&(r=new URL(s.getAttribute(\"src\")),n=new URL(t.value),c.test(n.protocol))&&n.host===r.host&&l.activeElement===s&&(d.top.location.href=t.value))}},d.addEventListener(\"message\",d.wp.receiveEmbedMessage,!1),l.addEventListener(\"DOMContentLoaded\",function(){for(var e,t,s=l.querySelectorAll(\"iframe.wp-embedded-content\"),r=0;r<s.length;r++)(t=(e=s[r]).getAttribute(\"data-secret\"))||(t=Math.random().toString(36).substring(2,12),e.src+=\"#?secret=\"+t,e.setAttribute(\"data-secret\",t)),e.contentWindow.postMessage({message:\"ready\",secret:t},\"*\")},!1)))}(window,document);\n\/\/# sourceURL=https:\/\/www.nakan.ch\/wp\/wp-includes\/js\/wp-embed.min.js\n\/* ]]> *\/\n<\/script>\n","thumbnail_url":"https:\/\/www.nakan.ch\/wp\/wp-content\/uploads\/2014\/03\/formentor_web.jpg","thumbnail_width":1000,"thumbnail_height":750,"description":"En ce d\u00e9but d&rsquo;ann\u00e9e 2014, je me pr\u00e9pare pour une saison charg\u00e9e avec notamment 2 Ironmans. J&rsquo;ai donc pr\u00e9vu deux s\u00e9jours \u00e0 Majorque en f\u00e9vrier puis en mars pour am\u00e9liorer ma condition de cycliste sur les magnifiques routes de la plus grande \u00eele des Bal\u00e9ares. Arriv\u00e9 samedi dernier dans l&rsquo;apr\u00e8s-midi, et le temps du transfert [&hellip;]"}