{"version":"1.0","provider_name":"nakan.ch","provider_url":"https:\/\/www.nakan.ch\/wp","author_name":"greg (nakan)","author_url":"https:\/\/www.nakan.ch\/wp\/author\/nakan\/","title":"Edito: Garmin a termin\u00e9 de nous abreuvoir d'AMOLED...","type":"rich","width":600,"height":338,"html":"<blockquote class=\"wp-embedded-content\" data-secret=\"xuOQhYAzJN\"><a href=\"https:\/\/www.nakan.ch\/wp\/2025\/01\/06\/edito-garmin-a-termine-de-nous-abreuvoir-damoled\/\">Edito: Garmin a termin\u00e9 de nous abreuvoir d&rsquo;AMOLED&#8230;<\/a><\/blockquote><iframe sandbox=\"allow-scripts\" security=\"restricted\" src=\"https:\/\/www.nakan.ch\/wp\/2025\/01\/06\/edito-garmin-a-termine-de-nous-abreuvoir-damoled\/embed\/#?secret=xuOQhYAzJN\" width=\"600\" height=\"338\" title=\"\u00ab\u00a0Edito: Garmin a termin\u00e9 de nous abreuvoir d&rsquo;AMOLED&#8230;\u00a0\u00bb &#8212; nakan.ch\" data-secret=\"xuOQhYAzJN\" frameborder=\"0\" marginwidth=\"0\" marginheight=\"0\" scrolling=\"no\" class=\"wp-embedded-content\"><\/iframe><script type=\"text\/javascript\">\n\/* <![CDATA[ *\/\n\/*! This file is auto-generated *\/\n!function(d,l){\"use strict\";l.querySelector&&d.addEventListener&&\"undefined\"!=typeof URL&&(d.wp=d.wp||{},d.wp.receiveEmbedMessage||(d.wp.receiveEmbedMessage=function(e){var t=e.data;if((t||t.secret||t.message||t.value)&&!\/[^a-zA-Z0-9]\/.test(t.secret)){for(var s,r,n,a=l.querySelectorAll('iframe[data-secret=\"'+t.secret+'\"]'),o=l.querySelectorAll('blockquote[data-secret=\"'+t.secret+'\"]'),c=new RegExp(\"^https?:$\",\"i\"),i=0;i<o.length;i++)o[i].style.display=\"none\";for(i=0;i<a.length;i++)s=a[i],e.source===s.contentWindow&&(s.removeAttribute(\"style\"),\"height\"===t.message?(1e3<(r=parseInt(t.value,10))?r=1e3:~~r<200&&(r=200),s.height=r):\"link\"===t.message&&(r=new URL(s.getAttribute(\"src\")),n=new URL(t.value),c.test(n.protocol))&&n.host===r.host&&l.activeElement===s&&(d.top.location.href=t.value))}},d.addEventListener(\"message\",d.wp.receiveEmbedMessage,!1),l.addEventListener(\"DOMContentLoaded\",function(){for(var e,t,s=l.querySelectorAll(\"iframe.wp-embedded-content\"),r=0;r<s.length;r++)(t=(e=s[r]).getAttribute(\"data-secret\"))||(t=Math.random().toString(36).substring(2,12),e.src+=\"#?secret=\"+t,e.setAttribute(\"data-secret\",t)),e.contentWindow.postMessage({message:\"ready\",secret:t},\"*\")},!1)))}(window,document);\n\/\/# sourceURL=https:\/\/www.nakan.ch\/wp\/wp-includes\/js\/wp-embed.min.js\n\/* ]]> *\/\n<\/script>\n","thumbnail_url":"https:\/\/www.nakan.ch\/wp\/wp-content\/uploads\/2025\/01\/garmin_instinct_3_amoled_thumb.jpg","thumbnail_width":540,"thumbnail_height":323,"description":"C&rsquo;est termin\u00e9! Avec la Instinct 3 annonc\u00e9e aujourd&rsquo;hui, Garmin a termin\u00e9 l&rsquo;AMOLEDisation de sa gamme enti\u00e8re. Elle \u00e9tait le dernier bastion d&rsquo;\u00e9crans transflectifs MIP parmi l&rsquo;ensemble de la gamme de la marque, si l&rsquo;on consid\u00e8re la Enduro comme une d\u00e9rivation de la s\u00e9rie fenix. Voici mon point de vue sur la question. Soutenir le site [&hellip;]"}